{"id":17466,"date":"2025-05-09T22:40:42","date_gmt":"2025-05-09T19:40:42","guid":{"rendered":"https:\/\/canverditicaret.com\/?post_type=product&#038;p=17466"},"modified":"2025-05-09T22:40:42","modified_gmt":"2025-05-09T19:40:42","slug":"bosch-25-parcali-x-line-vidalama-seti","status":"publish","type":"product","link":"https:\/\/canverditicaret.com\/en\/product\/bosch-25-parcali-x-line-vidalama-seti\/","title":{"rendered":"Bosch 25 Piece X-Line Screwdriver Set"},"content":{"rendered":"<p>Bosch 25 Piece X-Line Screwdriver Set<\/p>\n<p><strong>Product Features:<\/strong><\/p>\n<p>Scope of delivery:<\/p>\n<ul>\n<li>16 screw bits, L = 25 mm, PH 1\/2\/3, PZ 1\/2\/3, SL 4.5\/5.5\/8.0, HEX 4\/5\/6, T 15\/20\/25\/30<\/li>\n<li>8 screw bits, L = 50 mm, PH 1\/2\/3, SL 4.5\/5.5, T 15\/20\/25<\/li>\n<li>1 universal holder, magnetic<\/li>\n<\/ul>\n<p>Stock Code = HRBSC2607019676<\/p>","protected":false},"excerpt":{"rendered":"<p>Bosch 25-Piece X-Line Screwdriver Set Product Features: Scope of delivery: 16 screwdriver bits, L = 25 mm, PH 1\/2\/3, PZ<\/p>","protected":false},"featured_media":17469,"comment_status":"open","ping_status":"closed","template":"","meta":[],"product_cat":[79],"product_tag":[],"class_list":["post-17466","product","type-product","status-publish","has-post-thumbnail","hentry","product_cat-elektrikli-el-aletleri"],"yoast_head":"<!-- This site is optimized with the Yoast SEO plugin v21.6 - https:\/\/yoast.com\/wordpress\/plugins\/seo\/ -->\n<title>Bosch 25 Par\u00e7al\u0131 X-Line Vidalama Seti - Can Verdi Ticaret<\/title>\n<meta name=\"description\" content=\"Bosch X-Line Mini 25 Par\u00e7a Vidalama Seti, farkl\u0131 vida ba\u015fl\u0131klar\u0131na uygun 25 ve 50 mm uzunluklar\u0131nda 24 vidalama ucu ve manyetik \u00fcniversal tutucusuyla, ev ve at\u00f6lye kullan\u0131mlar\u0131 i\u00e7in ideal bir \u00e7\u00f6z\u00fcmd\u00fcr. Kompakt plastik kutusu sayesinde d\u00fczenli saklama ve kolay ta\u015f\u0131ma imkan\u0131 sunar.\" \/>\n<meta name=\"robots\" content=\"index, follow, max-snippet:-1, max-image-preview:large, max-video-preview:-1\" \/>\n<link rel=\"canonical\" href=\"https:\/\/canverditicaret.com\/en\/product\/bosch-25-parcali-x-line-vidalama-seti\/\" \/>\n<meta property=\"og:locale\" content=\"en_US\" \/>\n<meta property=\"og:type\" content=\"article\" \/>\n<meta property=\"og:title\" content=\"Bosch 25 Par\u00e7al\u0131 X-Line Vidalama Seti - Can Verdi Ticaret\" \/>\n<meta property=\"og:description\" content=\"Bosch X-Line Mini 25 Par\u00e7a Vidalama Seti, farkl\u0131 vida ba\u015fl\u0131klar\u0131na uygun 25 ve 50 mm uzunluklar\u0131nda 24 vidalama ucu ve manyetik \u00fcniversal tutucusuyla, ev ve at\u00f6lye kullan\u0131mlar\u0131 i\u00e7in ideal bir \u00e7\u00f6z\u00fcmd\u00fcr. Kompakt plastik kutusu sayesinde d\u00fczenli saklama ve kolay ta\u015f\u0131ma imkan\u0131 sunar.\" \/>\n<meta property=\"og:url\" content=\"https:\/\/canverditicaret.com\/en\/product\/bosch-25-parcali-x-line-vidalama-seti\/\" \/>\n<meta property=\"og:site_name\" content=\"Can Verdi Ticaret\" \/>\n<meta property=\"og:image\" content=\"https:\/\/canverditicaret.com\/wp-content\/uploads\/2025\/05\/xline.webp\" \/>\n\t<meta property=\"og:image:width\" content=\"424\" \/>\n\t<meta property=\"og:image:height\" content=\"600\" \/>\n\t<meta property=\"og:image:type\" content=\"image\/webp\" \/>\n<meta name=\"twitter:card\" content=\"summary_large_image\" \/>\n<meta name=\"twitter:label1\" content=\"Est. reading time\" \/>\n\t<meta name=\"twitter:data1\" content=\"1 minute\" \/>\n<script type=\"application\/ld+json\" class=\"yoast-schema-graph\">{\"@context\":\"https:\/\/schema.org\",\"@graph\":[{\"@type\":\"WebPage\",\"@id\":\"https:\/\/canverditicaret.com\/urun\/bosch-25-parcali-x-line-vidalama-seti\/\",\"url\":\"https:\/\/canverditicaret.com\/urun\/bosch-25-parcali-x-line-vidalama-seti\/\",\"name\":\"Bosch 25 Par\u00e7al\u0131 X-Line Vidalama Seti - Can Verdi Ticaret\",\"isPartOf\":{\"@id\":\"https:\/\/canverditicaret.com\/#website\"},\"datePublished\":\"2025-05-09T19:40:42+00:00\",\"dateModified\":\"2025-05-09T19:40:42+00:00\",\"description\":\"Bosch X-Line Mini 25 Par\u00e7a Vidalama Seti, farkl\u0131 vida ba\u015fl\u0131klar\u0131na uygun 25 ve 50 mm uzunluklar\u0131nda 24 vidalama ucu ve manyetik \u00fcniversal tutucusuyla, ev ve at\u00f6lye kullan\u0131mlar\u0131 i\u00e7in ideal bir \u00e7\u00f6z\u00fcmd\u00fcr. Kompakt plastik kutusu sayesinde d\u00fczenli saklama ve kolay ta\u015f\u0131ma imkan\u0131 sunar.\",\"breadcrumb\":{\"@id\":\"https:\/\/canverditicaret.com\/urun\/bosch-25-parcali-x-line-vidalama-seti\/#breadcrumb\"},\"inLanguage\":\"en-US\",\"potentialAction\":[{\"@type\":\"ReadAction\",\"target\":[\"https:\/\/canverditicaret.com\/urun\/bosch-25-parcali-x-line-vidalama-seti\/\"]}]},{\"@type\":\"BreadcrumbList\",\"@id\":\"https:\/\/canverditicaret.com\/urun\/bosch-25-parcali-x-line-vidalama-seti\/#breadcrumb\",\"itemListElement\":[{\"@type\":\"ListItem\",\"position\":1,\"name\":\"Anasayfa\",\"item\":\"https:\/\/canverditicaret.com\/\"},{\"@type\":\"ListItem\",\"position\":2,\"name\":\"Ma\u011faza\",\"item\":\"https:\/\/canverditicaret.com\/shop\/\"},{\"@type\":\"ListItem\",\"position\":3,\"name\":\"Bosch 25 Par\u00e7al\u0131 X-Line Vidalama Seti\"}]},{\"@type\":\"WebSite\",\"@id\":\"https:\/\/canverditicaret.com\/#website\",\"url\":\"https:\/\/canverditicaret.com\/\",\"name\":\"Can Verdi Ticaret\",\"description\":\"Can Verdi Ticaret\",\"potentialAction\":[{\"@type\":\"SearchAction\",\"target\":{\"@type\":\"EntryPoint\",\"urlTemplate\":\"https:\/\/canverditicaret.com\/?s={search_term_string}\"},\"query-input\":\"required name=search_term_string\"}],\"inLanguage\":\"en-US\"}]}<\/script>\n<!-- \/ Yoast SEO plugin. -->","yoast_head_json":{"title":"Bosch 25 Par\u00e7al\u0131 X-Line Vidalama Seti - Can Verdi Ticaret","description":"Bosch X-Line Mini 25 Par\u00e7a Vidalama Seti, farkl\u0131 vida ba\u015fl\u0131klar\u0131na uygun 25 ve 50 mm uzunluklar\u0131nda 24 vidalama ucu ve manyetik \u00fcniversal tutucusuyla, ev ve at\u00f6lye kullan\u0131mlar\u0131 i\u00e7in ideal bir \u00e7\u00f6z\u00fcmd\u00fcr. Kompakt plastik kutusu sayesinde d\u00fczenli saklama ve kolay ta\u015f\u0131ma imkan\u0131 sunar.","robots":{"index":"index","follow":"follow","max-snippet":"max-snippet:-1","max-image-preview":"max-image-preview:large","max-video-preview":"max-video-preview:-1"},"canonical":"https:\/\/canverditicaret.com\/en\/product\/bosch-25-parcali-x-line-vidalama-seti\/","og_locale":"en_US","og_type":"article","og_title":"Bosch 25 Par\u00e7al\u0131 X-Line Vidalama Seti - Can Verdi Ticaret","og_description":"Bosch X-Line Mini 25 Par\u00e7a Vidalama Seti, farkl\u0131 vida ba\u015fl\u0131klar\u0131na uygun 25 ve 50 mm uzunluklar\u0131nda 24 vidalama ucu ve manyetik \u00fcniversal tutucusuyla, ev ve at\u00f6lye kullan\u0131mlar\u0131 i\u00e7in ideal bir \u00e7\u00f6z\u00fcmd\u00fcr. Kompakt plastik kutusu sayesinde d\u00fczenli saklama ve kolay ta\u015f\u0131ma imkan\u0131 sunar.","og_url":"https:\/\/canverditicaret.com\/en\/product\/bosch-25-parcali-x-line-vidalama-seti\/","og_site_name":"Can Verdi Ticaret","og_image":[{"width":424,"height":600,"url":"https:\/\/canverditicaret.com\/wp-content\/uploads\/2025\/05\/xline.webp","type":"image\/webp"}],"twitter_card":"summary_large_image","twitter_misc":{"Est. reading time":"1 minute"},"schema":{"@context":"https:\/\/schema.org","@graph":[{"@type":"WebPage","@id":"https:\/\/canverditicaret.com\/urun\/bosch-25-parcali-x-line-vidalama-seti\/","url":"https:\/\/canverditicaret.com\/urun\/bosch-25-parcali-x-line-vidalama-seti\/","name":"Bosch 25 Par\u00e7al\u0131 X-Line Vidalama Seti - Can Verdi Ticaret","isPartOf":{"@id":"https:\/\/canverditicaret.com\/#website"},"datePublished":"2025-05-09T19:40:42+00:00","dateModified":"2025-05-09T19:40:42+00:00","description":"Bosch X-Line Mini 25 Par\u00e7a Vidalama Seti, farkl\u0131 vida ba\u015fl\u0131klar\u0131na uygun 25 ve 50 mm uzunluklar\u0131nda 24 vidalama ucu ve manyetik \u00fcniversal tutucusuyla, ev ve at\u00f6lye kullan\u0131mlar\u0131 i\u00e7in ideal bir \u00e7\u00f6z\u00fcmd\u00fcr. Kompakt plastik kutusu sayesinde d\u00fczenli saklama ve kolay ta\u015f\u0131ma imkan\u0131 sunar.","breadcrumb":{"@id":"https:\/\/canverditicaret.com\/urun\/bosch-25-parcali-x-line-vidalama-seti\/#breadcrumb"},"inLanguage":"en-US","potentialAction":[{"@type":"ReadAction","target":["https:\/\/canverditicaret.com\/urun\/bosch-25-parcali-x-line-vidalama-seti\/"]}]},{"@type":"BreadcrumbList","@id":"https:\/\/canverditicaret.com\/urun\/bosch-25-parcali-x-line-vidalama-seti\/#breadcrumb","itemListElement":[{"@type":"ListItem","position":1,"name":"Anasayfa","item":"https:\/\/canverditicaret.com\/"},{"@type":"ListItem","position":2,"name":"Ma\u011faza","item":"https:\/\/canverditicaret.com\/shop\/"},{"@type":"ListItem","position":3,"name":"Bosch 25 Par\u00e7al\u0131 X-Line Vidalama Seti"}]},{"@type":"WebSite","@id":"https:\/\/canverditicaret.com\/#website","url":"https:\/\/canverditicaret.com\/","name":"Can Verdi Ticaret","description":"Can Verdi Ticaret","potentialAction":[{"@type":"SearchAction","target":{"@type":"EntryPoint","urlTemplate":"https:\/\/canverditicaret.com\/?s={search_term_string}"},"query-input":"required name=search_term_string"}],"inLanguage":"en-US"}]}},"_links":{"self":[{"href":"https:\/\/canverditicaret.com\/en\/wp-json\/wp\/v2\/product\/17466","targetHints":{"allow":["GET"]}}],"collection":[{"href":"https:\/\/canverditicaret.com\/en\/wp-json\/wp\/v2\/product"}],"about":[{"href":"https:\/\/canverditicaret.com\/en\/wp-json\/wp\/v2\/types\/product"}],"replies":[{"embeddable":true,"href":"https:\/\/canverditicaret.com\/en\/wp-json\/wp\/v2\/comments?post=17466"}],"version-history":[{"count":1,"href":"https:\/\/canverditicaret.com\/en\/wp-json\/wp\/v2\/product\/17466\/revisions"}],"predecessor-version":[{"id":17470,"href":"https:\/\/canverditicaret.com\/en\/wp-json\/wp\/v2\/product\/17466\/revisions\/17470"}],"wp:featuredmedia":[{"embeddable":true,"href":"https:\/\/canverditicaret.com\/en\/wp-json\/wp\/v2\/media\/17469"}],"wp:attachment":[{"href":"https:\/\/canverditicaret.com\/en\/wp-json\/wp\/v2\/media?parent=17466"}],"wp:term":[{"taxonomy":"product_cat","embeddable":true,"href":"https:\/\/canverditicaret.com\/en\/wp-json\/wp\/v2\/product_cat?post=17466"},{"taxonomy":"product_tag","embeddable":true,"href":"https:\/\/canverditicaret.com\/en\/wp-json\/wp\/v2\/product_tag?post=17466"}],"curies":[{"name":"wp","href":"https:\/\/api.w.org\/{rel}","templated":true}]}}